{"id":211911,"date":"2025-12-04T11:38:26","date_gmt":"2025-12-04T10:38:26","guid":{"rendered":"https:\/\/liora.io\/de\/?page_id=211911"},"modified":"2026-02-04T16:57:16","modified_gmt":"2026-02-04T15:57:16","slug":"unsere-engagements","status":"publish","type":"page","link":"https:\/\/liora.io\/de\/unternehmen\/unsere-engagements","title":{"rendered":"[LIORA] DE &#8211; Unsere Engagements"},"content":{"rendered":"\n<div class=\"wp-block-liora-blocks-hero alignfull wp-block-liora-hero-homepage\">\n\t<h1 class=\"sr-only\">[LIORA] DE &#8211; Unsere Engagements<\/h1>\n\t<div class=\"wp-block-liora-hero-homepage__slider swiper swiper--main\">\n\t\t<div class=\"swiper-wrapper\">\n\t\t\t\t\t\t\t<div class=\"swiper-slide\">\n\t\t\t\t\t<div class=\"container\">\n\t\t\t\t\t\t<div class=\"wp-block-liora-hero-homepage__caption\">\n\t\t\t\t\t\t\t<h2 class=\"wp-block-liora-hero-homepage__title\">Unsere Engagements<\/h2><p class=\"wp-block-liora-hero-homepage__description\">Wir setzen alles daran, Tech-Karrieren f\u00fcr so viele Menschen wie m\u00f6glich zug\u00e4nglich zu machen. Unser Team engagiert sich voll und ganz daf\u00fcr, die bestm\u00f6gliche Unterst\u00fctzung zu bieten \u2013 und Frauen, Menschen mit Behinderungen sowie Personen mit Abstand zum Arbeitsmarkt dabei zu helfen, erfolgreich ihren Weg zu gehen.<\/p>\t\t\t\t\t\t\t<div class=\"wp-block-buttons is-layout-flex wp-block-buttons-is-layout-flex\">\n\t\t\t\t\t\t\t<div class=\"wp-block-button is-style-small-outline\"><a href=\"#anchor-find-out-more\" class=\"wp-block-button__link has-white-color has-text-color has-link-color wp-element-button has-grow-animation\">Mehr erfahren<\/a><\/div>\t\t\t\t\t\t\t<\/div>\n\t\t\t\t\t\t\t\t\t\t\t\t\t<\/div>\n\t\t\t\t\t<\/div>\n\t\t\t\t<\/div>\n\t\t\t\t\t<\/div>\n\t<\/div>\n\t<div class=\"wp-block-liora-hero-homepage__medias swiper swiper--medias\">\n\t\t<div class=\"swiper-wrapper\">\n\t\t\t\t\t\t<div class=\"swiper-slide\">\n\t\t\t\t<figure class=\"wp-block-image size-full\"><img decoding=\"async\" width=\"1440\" height=\"680\" src=\"https:\/\/liora.io\/app\/uploads\/sites\/8\/2025\/12\/datascientest-25-2000-92-2-1440x680.jpg\" class=\"wp-block-liora-hero-homepage__slide-image\" alt=\"\" data-location=\"\" srcset=\"https:\/\/liora.io\/app\/uploads\/sites\/8\/2025\/12\/datascientest-25-2000-92-2-1440x680.jpg 1440w, https:\/\/liora.io\/app\/uploads\/sites\/8\/2025\/12\/datascientest-25-2000-92-2-1250x590.jpg 1250w\" sizes=\"(max-width: 1440px) 100vw, 1440px\" \/><\/figure>\t\t\t<\/div>\n\t\t\t\t\t<\/div>\n\t<\/div>\n\t\n\t\n<svg xmlns=\"http:\/\/www.w3.org\/2000\/svg\" width=\"2027\" height=\"1000\" viewBox=\"0 0 2027 1000\" class=\"shape-vector\" aria-hidden=\"true\" focusable=\"false\" fill=\"none\"><path stroke=\"currentColor\" stroke-width=\"2\" d=\"M497.861 1H1584.71c24.52 0 44.42 19.958 44.42 44.554v303.298c0 25.695 20.8 46.554 46.43 46.554h305.98c24.52 0 44.43 19.958 44.43 44.554v514.486c0 24.596-19.91 44.554-44.43 44.554h-607.52c-24.52 0-44.42-19.958-44.42-44.554V589.741c0-25.695-20.8-46.553-46.43-46.553H896.604c-25.63 0-46.425 20.858-46.425 46.553v364.705c0 24.596-19.906 44.554-44.426 44.554H45.425C20.905 999 1 979.042 1 954.446V517.401c0-24.596 19.905-44.553 44.425-44.553H407.01c25.629-.001 46.424-20.859 46.425-46.554V45.554C453.436 20.958 473.342 1 497.861 1Z\"\/><\/svg>\n<\/div>\n\n\n\n<div class=\"wp-block-group alignfull has-global-padding is-layout-constrained wp-container-core-group-is-layout-8dd55c35 wp-block-group-is-layout-constrained\" style=\"margin-top:0;margin-bottom:0;padding-top:var(--wp--preset--spacing--xl);padding-bottom:var(--wp--preset--spacing--xl)\"><span class=\"wp-block-beapi-anchor\" aria-hidden=\"true\" id=\"anchor-find-out-more\"><\/span>\n\n\n\n<div class=\"wp-block-group wp-pattern-overtitle-heading has-global-padding is-layout-constrained wp-container-core-group-is-layout-442b6e00 wp-block-group-is-layout-constrained\">\n<p class=\"has-text-align-center is-style-overtitle\">F\u00fcr mehr Inklusion<\/p>\n\n\n\n<h2 class=\"wp-block-heading has-text-align-center\" id=\"h-fur-mehr-vielfalt-in-der-digitalen-welt\"><strong>F\u00fcr mehr Vielfalt in der digitalen Welt<\/strong><\/h2>\n<\/div>\n\n\n\n<p class=\"has-text-align-center has-grey-40-color has-text-color has-link-color wp-elements-044ffe705efd822f8b48a72523d8364f\">Wir stehen f\u00fcr eine vielf\u00e4ltigere Tech-Welt, in der Menschen aus allen Hintergr\u00fcnden willkommen sind \u2013 unabh\u00e4ngig von Bildungsweg, finanziellen M\u00f6glichkeiten oder sozialem Umfeld. Eine Welt, in der Frauen und Menschen mit Behinderungen selbstverst\u00e4ndlich ihren Platz haben.<\/p>\n\n\n\n<section class=\"wp-block-group wp-pattern-media-text wp-pattern-media-text--reverse has-global-padding is-layout-constrained wp-container-core-group-is-layout-f9341b35 wp-block-group-is-layout-constrained\">\n<div class=\"wp-block-group is-nowrap is-layout-flex wp-container-core-group-is-layout-fa53013b wp-block-group-is-layout-flex\" style=\"margin-top:var(--wp--preset--spacing--xl);margin-bottom:var(--wp--preset--spacing--xl)\">\n<div class=\"wp-block-group wp-pattern-media-text__content has-global-padding is-layout-constrained wp-container-core-group-is-layout-442b6e00 wp-block-group-is-layout-constrained\">\n<h3 class=\"wp-block-heading\" id=\"h-fur-frauen\"><strong>F\u00fcr Frauen \u2640\ufe0f<\/strong><\/h3>\n\n\n\n<p>Bei Liora glauben wir daran, dass Ambition, Neugier und der Wille zu lernen alles sind, was es braucht, um in der Tech-Welt erfolgreich zu sein. Jeden Tag begleiten wir immer mehr Frauen, die bereit sind, ihren Platz einzunehmen \u2013 unterst\u00fctzt von Mentorinnen und Mentoren, die ihre Perspektiven teilen und sie st\u00e4rken.<\/p>\n\n\n\n<p class=\"has-grey-50-color has-text-color has-link-color wp-elements-226d5da9915b01711445b78eadd5117d\">Wie Zina Imegaline, Head of Data &amp; AI Transformation bei ADP, es so treffend sagt:<br><strong>\u201eAmbition hat kein Geschlecht.\u201c<\/strong><\/p>\n\n\n\n<p class=\"has-grey-50-color has-text-color has-link-color wp-elements-b872425ade7ab195f93ff0cef6414f97\"><\/p>\n\n\n\n<div class=\"wp-block-buttons is-layout-flex wp-block-buttons-is-layout-flex\">\n<div class=\"wp-block-button is-style-small-link-arrow-right\"><a class=\"wp-block-button__link wp-element-button\" href=\"https:\/\/www.youtube.com\/watch?v=Dz6bheQtH4Q\" target=\"_blank\" rel=\"noreferrer noopener\">Discover the interview<\/a><\/div>\n<\/div>\n<\/div>\n\n\n\n<figure class=\"wp-block-image size-large wp-pattern-media-text__image\"><img decoding=\"async\" src=\"https:\/\/liora.io\/app\/uploads\/2025\/10\/1746777962483-898x1024.jpeg\" alt=\"\" class=\"wp-image-294431\" style=\"aspect-ratio:1;object-fit:cover\" \/><\/figure>\n<\/div>\n<\/section>\n\n\n\n<section class=\"wp-block-group wp-pattern-media-text has-global-padding is-layout-constrained wp-container-core-group-is-layout-f9341b35 wp-block-group-is-layout-constrained\">\n<div class=\"wp-block-group is-nowrap is-layout-flex wp-container-core-group-is-layout-fa53013b wp-block-group-is-layout-flex\" style=\"margin-top:var(--wp--preset--spacing--xl);margin-bottom:var(--wp--preset--spacing--xl)\">\n<figure class=\"wp-block-image size-large wp-pattern-media-text__image\"><img decoding=\"async\" src=\"https:\/\/liora.io\/app\/uploads\/2025\/10\/pexels-marcus-aurelius-4064418-1-1024x682.jpg\" alt=\"\" class=\"wp-image-294437\" style=\"aspect-ratio:1;object-fit:cover\" \/><\/figure>\n\n\n\n<div class=\"wp-block-group wp-pattern-media-text__content has-global-padding is-layout-constrained wp-container-core-group-is-layout-442b6e00 wp-block-group-is-layout-constrained\">\n<h3 class=\"wp-block-heading\" id=\"h-fur-menschen-mit-behinderungen\"><strong>F\u00fcr Menschen mit Behinderungen \u267f<\/strong><\/h3>\n\n\n\n<p class=\"has-grey-50-color has-text-color has-link-color wp-elements-3f270dea980ab1c5f16a310fe39942f0\">Bei Liora ist Inklusion kein optionales Ziel, sondern ein echtes Versprechen.<br>Unsere Weiterbildungen sind so gestaltet, dass sie f\u00fcr alle zug\u00e4nglich sind \u2013 ohne Ausnahme \u2013 und jede lernende Person darin st\u00e4rken, selbstbestimmt zu wachsen.<br>Denn Technologie entwickelt sich weiter, wenn alle die Chance haben, Teil davon zu sein.<\/p>\n\n\n\n<p class=\"has-grey-50-color has-text-color has-link-color wp-elements-b872425ade7ab195f93ff0cef6414f97\"><\/p>\n\n\n\n<div class=\"wp-block-buttons is-layout-flex wp-block-buttons-is-layout-flex\">\n<div class=\"wp-block-button is-style-small-link-arrow-right\"><a class=\"wp-block-button__link wp-element-button\" href=\"https:\/\/www.youtube.com\/watch?v=0kZJ1l8sMaw\" target=\"_blank\" rel=\"noreferrer noopener\">Watch the webinar<\/a><\/div>\n<\/div>\n<\/div>\n<\/div>\n<\/section>\n<\/div>\n\n\n<span class=\"wp-block-beapi-anchor\" aria-hidden=\"true\" id=\"anchor-pour-la-planete\"><\/span>\n\n\n\n<div class=\"wp-block-group wp-pattern-overtitle-heading has-global-padding is-layout-constrained wp-container-core-group-is-layout-442b6e00 wp-block-group-is-layout-constrained\">\n<p class=\"has-text-align-center is-style-overtitle\">F\u00fcr eine nachhaltige Zukunft<\/p>\n\n\n\n<h2 class=\"wp-block-heading has-text-align-center\" id=\"h-wir-bilden-nicht-nur-talente-aus-wir-fordern-bewusstes-denken\">Wir bilden nicht nur Talente aus \u2013 wir f\u00f6rdern bewusstes Denken \ud83c\udf0d<\/h2>\n\n\n\n<p class=\"has-text-align-center has-grey-40-color has-text-color has-link-color wp-elements-2f6f0bcf41e0cff257f2ca7eea595b62\">Da KI angesichts der gro\u00dfen Herausforderungen unserer Zeit nicht neutral bleiben kann, stellen wir ethische und klimarelevante Fragen in den Mittelpunkt unserer Weiterbildungsprogramme.<br>Unsere Mission: nicht nur die richtigen Tools zu vermitteln, sondern vor allem die richtige Haltung.<\/p>\n\n\n\n<p class=\"has-text-align-center has-grey-40-color has-text-color has-link-color wp-elements-e627156e8d25cd27af1e4c3d8d8b9059\"><\/p>\n\n\n\n<p class=\"has-text-align-center has-grey-40-color has-text-color has-link-color wp-elements-e627156e8d25cd27af1e4c3d8d8b9059\"><\/p>\n\n\n\n<p class=\"has-text-align-center has-grey-40-color has-text-color has-link-color wp-elements-e627156e8d25cd27af1e4c3d8d8b9059\"><\/p>\n<\/div>\n\n\n\n<div class=\"wp-block-columns alignwide is-layout-flex wp-container-core-columns-is-layout-28f84493 wp-block-columns-is-layout-flex\">\n<div class=\"wp-block-column is-layout-flow wp-block-column-is-layout-flow\" style=\"flex-basis:35%\">\n<div class=\"wp-block-group is-vertical is-layout-flex wp-container-core-group-is-layout-a2e3e733 wp-block-group-is-layout-flex\">\n<figure class=\"wp-block-image size-large\"><img decoding=\"async\" src=\"https:\/\/liora.io\/app\/uploads\/2025\/10\/a7403864-1-1024x683.jpg\" alt=\"\" class=\"wp-image-293178\" style=\"aspect-ratio:1.3333;object-fit:cover\" \/><\/figure>\n\n\n\n<h3 class=\"wp-block-heading is-style-h6\" id=\"h-bildung-als-motor-des-wandels\"><strong>Bildung als Motor des Wandels<\/strong><\/h3>\n\n\n\n<p class=\"is-style-small has-grey-40-color has-text-color has-link-color wp-elements-dfc0b7b4f2bbbd889d874c369b2d0e89\">Mit unserer Masterclass <strong>\u201e\u00d6kologie &amp; Data\u201c<\/strong>, die in allen Langformat-Weiterbildungen enthalten ist, erhalten unsere Lernenden ein tiefes Verst\u00e4ndnis f\u00fcr die klimatischen Herausforderungen \u2013 und lernen, Daten gezielt f\u00fcr eine nachhaltige Zukunft einzusetzen.<\/p>\n<\/div>\n<\/div>\n\n\n\n<div class=\"wp-block-column is-layout-flow wp-block-column-is-layout-flow\" style=\"flex-basis:35%\">\n<div class=\"wp-block-group is-vertical is-layout-flex wp-container-core-group-is-layout-a2e3e733 wp-block-group-is-layout-flex\">\n<figure class=\"wp-block-image size-large\"><img decoding=\"async\" src=\"https:\/\/liora.io\/app\/uploads\/2025\/10\/pexels-strannik-sk-34401311-1024x682.jpg\" alt=\"\" class=\"wp-image-293860\" style=\"aspect-ratio:1.3333;object-fit:cover\" \/><\/figure>\n\n\n\n<h3 class=\"wp-block-heading is-style-h6\" id=\"h-technologie-im-dienste-der-okologie\"><strong>Technologie im Dienste der \u00d6kologie<\/strong><\/h3>\n\n\n\n<p class=\"is-style-small has-grey-40-color has-text-color has-link-color wp-elements-cee67bbed4bb855c9e4fa5a4f99d1833\">Unsere Lernenden arbeiten an realen Projekten, die direkt mit zentralen Umweltfragen verkn\u00fcpft sind. Mithilfe von Daten verbessern sie bestehende Modelle in Schl\u00fcsselbereichen wie Klima, Landwirtschaft und Ern\u00e4hrungssystemen.<\/p>\n<\/div>\n<\/div>\n\n\n\n<div class=\"wp-block-column is-layout-flow wp-block-column-is-layout-flow\" style=\"flex-basis:35%\">\n<div class=\"wp-block-group is-vertical is-layout-flex wp-container-core-group-is-layout-a2e3e733 wp-block-group-is-layout-flex\">\n<figure class=\"wp-block-image size-full\"><img decoding=\"async\" src=\"https:\/\/liora.io\/app\/uploads\/2025\/11\/positiveai-image-notre-approche.jpg\" alt=\"\" class=\"wp-image-295854\" style=\"aspect-ratio:1.3333;object-fit:cover\" \/><\/figure>\n\n\n\n<h3 class=\"wp-block-heading is-style-h6\" id=\"h-eine-ethische-und-verantwortungsvolle-ki\"><strong>Eine ethische und verantwortungsvolle KI<\/strong><\/h3>\n\n\n\n<p class=\"is-style-small has-grey-40-color has-text-color has-link-color wp-elements-cd2724ca9f1f43fca09c4fc79f6ab519\">Seit 2023 arbeitet Liora mit <strong>Positive AI<\/strong> zusammen, um gemeinsam mit gro\u00dfen Branchenakteuren wie BCG, L\u2019Or\u00e9al, Malakoff Humanis und Orange eine ethische und verantwortungsvolle k\u00fcnstliche Intelligenz mitzugestalten.<\/p>\n<\/div>\n<\/div>\n<\/div>\n\n\n\n<div class=\"wp-block-buttons is-content-justification-center is-layout-flex wp-container-core-buttons-is-layout-a89b3969 wp-block-buttons-is-layout-flex\">\n<div class=\"wp-block-button\"><a class=\"wp-block-button__link wp-element-button\" href=\"\/de\/unternehmen\/kontakt\">Kontakt mit uns aufnehmen<\/a><\/div>\n<\/div>\n\n\n\n<section class=\"wp-block-group alignfull wp-pattern-cards-row wp-pattern-cards-row--4-cards has-grey-1-background-color has-background has-global-padding is-layout-constrained wp-container-core-group-is-layout-06b7c649 wp-block-group-is-layout-constrained\">\n<div class=\"wp-block-group wp-pattern-overtitle-heading has-global-padding is-layout-constrained wp-container-core-group-is-layout-442b6e00 wp-block-group-is-layout-constrained\">\n<p class=\"has-text-align-center is-style-overtitle\"><strong>Liora f\u00fcr alle<\/strong><\/p>\n\n\n\n<h2 class=\"wp-block-heading has-text-align-center\" id=\"h-liora-macht-tech-weiterbildung-fur-alle-zuganglich\"><strong>Liora macht Tech-Weiterbildung f\u00fcr alle zug\u00e4nglich<\/strong><\/h2>\n<\/div>\n\n\n\n<div class=\"wp-block-group alignwide wp-pattern-cards-row__grid is-layout-grid wp-container-core-group-is-layout-1dbf0f7c wp-block-group-is-layout-grid\">\n<div class=\"wp-block-group wp-pattern-cards-row__item has-white-background-color has-background has-global-padding is-layout-constrained wp-container-core-group-is-layout-eab35342 wp-block-group-is-layout-constrained\" style=\"border-radius:20px;padding-top:var(--wp--preset--spacing--lg);padding-right:var(--wp--preset--spacing--lg);padding-bottom:var(--wp--preset--spacing--lg);padding-left:var(--wp--preset--spacing--lg)\">\n<ul class=\"wp-block-beapi-icon-block is-layout-flex wp-block-icon-block-is-layout-flex\">\n<li class=\"wp-block-beapi-icon-item\"><span><svg viewBox=\"0 0 24 24\" xmlns=\"http:\/\/www.w3.org\/2000\/svg\" style=\"color:#FF6745\" class=\"wp-block-beapi-icon-block__icon-component wp-block-beapi-icon-block__icon-component--sprite icon-briefcase-01\" aria-hidden=\"true\"><use href=\"https:\/\/liora.io\/app\/themes\/liora\/dist\/icons\/sprite.svg#icon-briefcase-01\"><\/use><\/svg><\/span><\/li>\n<\/ul>\n\n\n\n<div class=\"wp-block-group has-global-padding is-layout-constrained wp-container-core-group-is-layout-38e7494a wp-block-group-is-layout-constrained\">\n<h3 class=\"wp-block-heading is-style-h6\" id=\"h-karriereunterstutzung\" style=\"font-style:normal;font-weight:500\"><strong>Karriereunterst\u00fctzung<\/strong><\/h3>\n\n\n\n<p class=\"has-grey-50-color has-text-color has-link-color wp-elements-0a9da7fe048d38ae08b70aa3268e93a9\">Ein Programm, das speziell f\u00fcr Quereinsteigende entwickelt wurde \u2013 mit Fokus auf praxisnahen Skills und einer direkten Verbindung zum Arbeitsmarkt.<\/p>\n<\/div>\n<\/div>\n\n\n\n<div class=\"wp-block-group wp-pattern-cards-row__item has-white-background-color has-background has-global-padding is-layout-constrained wp-container-core-group-is-layout-eab35342 wp-block-group-is-layout-constrained\" style=\"border-radius:20px;padding-top:var(--wp--preset--spacing--lg);padding-right:var(--wp--preset--spacing--lg);padding-bottom:var(--wp--preset--spacing--lg);padding-left:var(--wp--preset--spacing--lg)\">\n<ul class=\"wp-block-beapi-icon-block is-layout-flex wp-block-icon-block-is-layout-flex\">\n<li class=\"wp-block-beapi-icon-item\"><span><svg viewBox=\"0 0 24 24\" xmlns=\"http:\/\/www.w3.org\/2000\/svg\" style=\"color:#FF6745\" class=\"wp-block-beapi-icon-block__icon-component wp-block-beapi-icon-block__icon-component--sprite icon-education\" aria-hidden=\"true\"><use href=\"https:\/\/liora.io\/app\/themes\/liora\/dist\/icons\/sprite.svg#icon-education\"><\/use><\/svg><\/span><\/li>\n<\/ul>\n\n\n\n<div class=\"wp-block-group has-global-padding is-layout-constrained wp-container-core-group-is-layout-38e7494a wp-block-group-is-layout-constrained\">\n<h3 class=\"wp-block-heading is-style-h6\" id=\"h-eine-einzige-plattform\" style=\"font-style:normal;font-weight:500\"><strong>Eine einzige Plattform<\/strong><\/h3>\n\n\n\n<p class=\"has-grey-50-color has-text-color has-link-color wp-elements-684dceb5a25f17f94f6d3907dc365f1b\">Intern entwickelt, erm\u00f6glicht sie allen Lernenden \u2013 unabh\u00e4ngig von der Leistungsf\u00e4higkeit ihres eigenen Computers \u2013 den Zugang zu den leistungsst\u00e4rksten virtuellen Maschinen.<\/p>\n<\/div>\n<\/div>\n\n\n\n<div class=\"wp-block-group wp-pattern-cards-row__item has-white-background-color has-background has-global-padding is-layout-constrained wp-container-core-group-is-layout-eab35342 wp-block-group-is-layout-constrained\" style=\"border-radius:20px;padding-top:var(--wp--preset--spacing--lg);padding-right:var(--wp--preset--spacing--lg);padding-bottom:var(--wp--preset--spacing--lg);padding-left:var(--wp--preset--spacing--lg)\">\n<ul class=\"wp-block-beapi-icon-block is-layout-flex wp-block-icon-block-is-layout-flex\">\n<li class=\"wp-block-beapi-icon-item\"><span><svg viewBox=\"0 0 24 24\" xmlns=\"http:\/\/www.w3.org\/2000\/svg\" style=\"color:#FF6745\" class=\"wp-block-beapi-icon-block__icon-component wp-block-beapi-icon-block__icon-component--sprite icon-user-plus\" aria-hidden=\"true\"><use href=\"https:\/\/liora.io\/app\/themes\/liora\/dist\/icons\/sprite.svg#icon-user-plus\"><\/use><\/svg><\/span><\/li>\n<\/ul>\n\n\n\n<div class=\"wp-block-group has-global-padding is-layout-constrained wp-container-core-group-is-layout-38e7494a wp-block-group-is-layout-constrained\">\n<h3 class=\"wp-block-heading is-style-h6\" id=\"h-eine-ansprechperson-fur-barrierefreiheit\" style=\"font-style:normal;font-weight:500\"><strong>Eine Ansprechperson f\u00fcr Barrierefreiheit<\/strong><\/h3>\n\n\n\n<p class=\"has-grey-50-color has-text-color has-link-color wp-elements-bc8685af016b0f75e0d37646b9429ff3\">Sie begleitet unsere Lernenden mit Behinderungen von Anfang bis Ende, damit sie ihre Weiterbildung in voller Sicherheit und mit gutem Gef\u00fchl absolvieren k\u00f6nnen.<\/p>\n\n\n\n<p class=\"has-grey-50-color has-text-color has-link-color wp-elements-b872425ade7ab195f93ff0cef6414f97\"><\/p>\n<\/div>\n<\/div>\n\n\n\n<div class=\"wp-block-group wp-pattern-cards-row__item has-white-background-color has-background has-global-padding is-layout-constrained wp-container-core-group-is-layout-eab35342 wp-block-group-is-layout-constrained\" style=\"border-radius:20px;padding-top:var(--wp--preset--spacing--lg);padding-right:var(--wp--preset--spacing--lg);padding-bottom:var(--wp--preset--spacing--lg);padding-left:var(--wp--preset--spacing--lg)\">\n<ul class=\"wp-block-beapi-icon-block is-layout-flex wp-block-icon-block-is-layout-flex\">\n<li class=\"wp-block-beapi-icon-item\"><span><svg viewBox=\"0 0 24 24\" xmlns=\"http:\/\/www.w3.org\/2000\/svg\" style=\"color:#FF6745\" class=\"wp-block-beapi-icon-block__icon-component wp-block-beapi-icon-block__icon-component--sprite icon-globe-alt\" aria-hidden=\"true\"><use href=\"https:\/\/liora.io\/app\/themes\/liora\/dist\/icons\/sprite.svg#icon-globe-alt\"><\/use><\/svg><\/span><\/li>\n<\/ul>\n\n\n\n<div class=\"wp-block-group has-global-padding is-layout-constrained wp-container-core-group-is-layout-38e7494a wp-block-group-is-layout-constrained\">\n<h3 class=\"wp-block-heading is-style-h6\" id=\"h-kostenfreie-weiterbildungsprogramme\" style=\"font-style:normal;font-weight:500\"><strong>Kostenfreie Weiterbildungsprogramme<\/strong><\/h3>\n\n\n\n<p class=\"has-grey-50-color has-text-color has-link-color wp-elements-fbb310f545bcb8df85ce2fbbaaf201ae\">F\u00fcr Gefl\u00fcchtete, um ihnen den Einstieg in die Welt der Data zu erm\u00f6glichen und ihnen den ersten Schritt in das Berufsleben zu erleichtern.<\/p>\n<\/div>\n<\/div>\n<\/div>\n<\/section>\n\n\n\n<section class=\"wp-block-group alignwide wp-pattern-media-text-background wp-pattern-media-text-background--grey-1 is-layout-flow wp-block-group-is-layout-flow\">\n<div class=\"wp-block-group is-nowrap is-layout-flex wp-container-core-group-is-layout-6c531013 wp-block-group-is-layout-flex\">\n<div class=\"wp-block-group wp-pattern-media-text-background__text has-global-padding is-layout-constrained wp-container-core-group-is-layout-0d9b3749 wp-block-group-is-layout-constrained\">\n<div class=\"wp-block-group has-global-padding is-layout-constrained wp-container-core-group-is-layout-442b6e00 wp-block-group-is-layout-constrained\">\n<p class=\"is-style-h3\">M\u00f6chten Sie mehr erfahren?<\/p>\n\n\n\n<p>Unser Team ist f\u00fcr Sie da, um Ihre Bed\u00fcrfnisse zu verstehen und gemeinsam mit Ihnen das ideale Trainingsprogramm zu entwickeln.<\/p>\n<\/div>\n\n\n\n<div class=\"wp-block-buttons is-layout-flex wp-block-buttons-is-layout-flex\">\n<div class=\"wp-block-button is-style-fill\"><a class=\"wp-block-button__link has-white-color has-text-color has-link-color wp-element-button\" href=\"\/de\/unternehmen\/kontakt\">Termin vereinbaren<\/a><\/div>\n<\/div>\n<\/div>\n\n\n\n<figure class=\"wp-block-image size-full\"><img decoding=\"async\" src=\"https:\/\/liora.io\/app\/uploads\/sites\/9\/2025\/11\/data-scientest-2000-21-1024x682-1.jpg\" alt=\"\" class=\"wp-image-200346\" style=\"aspect-ratio:1;object-fit:cover\"\/><\/figure>\n<\/div>\n<\/section>\n\n\n\n<div style=\"height:2rem\" aria-hidden=\"true\" class=\"wp-block-spacer\"><\/div>\n","protected":false},"excerpt":{"rendered":"<p>F\u00fcr mehr Inklusion F\u00fcr mehr Vielfalt in der digitalen Welt Wir stehen f\u00fcr eine vielf\u00e4ltigere Tech-Welt, in der Menschen aus allen Hintergr\u00fcnden willkommen sind \u2013 unabh\u00e4ngig von Bildungsweg, finanziellen M\u00f6glichkeiten oder sozialem Umfeld. Eine Welt, in der Frauen und Menschen mit Behinderungen selbstverst\u00e4ndlich ihren Platz haben. F\u00fcr Frauen \u2640\ufe0f Bei Liora glauben wir daran, dass [&hellip;]<\/p>\n","protected":false},"author":107,"featured_media":213803,"parent":211874,"menu_order":0,"comment_status":"closed","ping_status":"closed","template":"page-without-title","meta":{"_acf_changed":false,"editor_notices":[],"footnotes":""},"class_list":["post-211911","page","type-page","status-publish","has-post-thumbnail","hentry"],"acf":[],"_links":{"self":[{"href":"https:\/\/liora.io\/de\/wp-json\/wp\/v2\/pages\/211911","targetHints":{"allow":["GET"]}}],"collection":[{"href":"https:\/\/liora.io\/de\/wp-json\/wp\/v2\/pages"}],"about":[{"href":"https:\/\/liora.io\/de\/wp-json\/wp\/v2\/types\/page"}],"author":[{"embeddable":true,"href":"https:\/\/liora.io\/de\/wp-json\/wp\/v2\/users\/107"}],"replies":[{"embeddable":true,"href":"https:\/\/liora.io\/de\/wp-json\/wp\/v2\/comments?post=211911"}],"version-history":[{"count":5,"href":"https:\/\/liora.io\/de\/wp-json\/wp\/v2\/pages\/211911\/revisions"}],"predecessor-version":[{"id":216263,"href":"https:\/\/liora.io\/de\/wp-json\/wp\/v2\/pages\/211911\/revisions\/216263"}],"up":[{"embeddable":true,"href":"https:\/\/liora.io\/de\/wp-json\/wp\/v2\/pages\/211874"}],"wp:featuredmedia":[{"embeddable":true,"href":"https:\/\/liora.io\/de\/wp-json\/wp\/v2\/media\/213803"}],"wp:attachment":[{"href":"https:\/\/liora.io\/de\/wp-json\/wp\/v2\/media?parent=211911"}],"curies":[{"name":"wp","href":"https:\/\/api.w.org\/{rel}","templated":true}]}}