{"id":211576,"date":"2025-11-25T12:17:23","date_gmt":"2025-11-25T11:17:23","guid":{"rendered":"https:\/\/liora.io\/de\/?page_id=211576"},"modified":"2026-02-10T11:47:33","modified_gmt":"2026-02-10T10:47:33","slug":"barrierefreiheit","status":"publish","type":"page","link":"https:\/\/liora.io\/de\/barrierefreiheit","title":{"rendered":"[Liora] \u2013 DE \u2013 Barrierefreiheit"},"content":{"rendered":"\n<div class=\"alignfull wp-block-liora-blocks-herois-centered alignfull wp-block-liora-blocks-hero-page-classic\">\n\t<div class=\"container\">\n\t\t<div class=\"wp-block-liora-blocks-hero-page-classic__content\">\n\t\t<h1>Unterst\u00fctzung f\u00fcr Menschen mit Behinderung<\/h1><p><p>F\u00fcr Liora ist die <strong data-start=\"18\" data-end=\"61\">Inklusion von Lernenden mit Behinderung<\/strong> essenziell.<br data-start=\"73\" data-end=\"76\" \/>Aus diesem Grund arbeitet das gesamte p\u00e4dagogische Team aktiv an der Umsetzung eines <strong data-start=\"161\" data-end=\"228\">umfassenden Unterst\u00fctzungskonzepts f\u00fcr Menschen mit Behinderung<\/strong>.<\/p>\n<\/p>\t\t<\/div>\n\t<\/div>\n<\/div>\n\n\n\n<div class=\"wp-block-group has-global-padding is-layout-constrained wp-block-group-is-layout-constrained\">\n<p class=\"has-text-align-center\">Daher wurde innerhalb der Schule eine <strong>Ansprechperson f\u00fcr Inklusion und Behinderung<\/strong> benannt:<br><\/p>\n\n\n\n<div class=\"wp-block-group is-vertical is-content-justification-center is-layout-flex wp-container-core-group-is-layout-f59875ee wp-block-group-is-layout-flex\">\n<h3 class=\"wp-block-heading has-text-align-center is-style-h4\" id=\"h-mathilde-venchiarutti\">Mathilde Venchiarutti<\/h3>\n\n\n\n<p class=\"has-text-align-center has-grey-90-color has-text-color has-link-color wp-elements-506fe34d4b94fd2c95c29a595478e613\">mathilde.v[a]liora.io<\/p>\n\n\n\n<p class=\"has-text-align-center has-grey-90-color has-text-color has-link-color wp-elements-8e3f6d3bbb9cf3cc39f351073d20f0bb\">Du kannst sie jederzeit per E-Mail kontaktieren, wenn Du Fragen zu diesem Thema hast oder weitere Informationen ben\u00f6tigst.<\/p>\n\n\n\n<p><\/p>\n<\/div>\n\n\n\n<p class=\"has-text-align-center has-grey-50-color has-text-color has-link-color wp-elements-fb2a9bfdef98e9aaf7148171f1d241d9\">Liora setzt sich daf\u00fcr ein, Lernende mit Behinderung diskriminierungsfrei willkommen zu hei\u00dfen.<br>Da Chancengleichheit weit \u00fcber den Aufnahmeprozess hinausgeht, bieten wir Bewerbern die M\u00f6glichkeit, ihre individuellen Bed\u00fcrfnisse im Zusammenhang mit ihrer Behinderung mitzuteilen, damit wir die Weiterbildung \u2013 wann immer m\u00f6glich \u2013 entsprechend anpassen k\u00f6nnen. Unser Ziel ist es, fr\u00fchzeitig die erforderlichen Anpassungen zu identifizieren, um unsere Lehrmethoden anzupassen und gleichzeitig das h\u00f6chste Qualit\u00e4tsniveau der Weiterbildung zu gew\u00e4hrleisten.<br>F\u00fcr uns ist es essenziell, dass jeder Lernende von der bestm\u00f6glichen Integration profitiert \u2013 sowohl innerhalb der Schule als auch im beruflichen Umfeld.<\/p>\n\n\n\n<p class=\"has-text-align-center\">Konkret k\u00f6nnen diese Anpassungen beispielsweise verl\u00e4ngerte Bearbeitungszeiten bei Pr\u00fcfungen umfassen, sodass zus\u00e4tzliche Zeit f\u00fcr Pr\u00fcfungen gew\u00e4hrt wird.<br>Alle unsere synchronen Live-Sessions sind zudem mit Untertiteln verf\u00fcgbar. Bei Bedarf kann auch die Unterst\u00fctzung durch eine externe Assistenzperson organisiert werden.<\/p>\n\n\n\n<p class=\"has-grey-50-color has-text-color has-link-color wp-elements-affaabcdd637c66ddf334536c10b6ede\">Dar\u00fcber hinaus sind unsere Weiterbildungen vollst\u00e4ndig online zug\u00e4nglich. Lernende, die nicht reisen k\u00f6nnen, haben somit die M\u00f6glichkeit, die Weiterbildung unter denselben Bedingungen wie alle anderen Teilnehmenden zu absolvieren.<\/p>\n<\/div>\n\n\n\n<p class=\"has-text-align-center has-grey-50-color has-text-color has-link-color wp-elements-c8c23586a3377642dd5f3255680a9776\">Programmbezogene Anpassungen k\u00f6nnen jedoch Zeit in Anspruch nehmen.<br>Daher ist es wichtig, den Antrag auf Anpassungen so fr\u00fch wie m\u00f6glich bereits im Bewerbungsprozess zu stellen, um eine individuelle und passende L\u00f6sung sicherzustellen.<\/p>\n\n\n\n<div style=\"height:5rem\" aria-hidden=\"true\" class=\"wp-block-spacer\"><\/div>\n","protected":false},"excerpt":{"rendered":"<p>Daher wurde innerhalb der Schule eine Ansprechperson f\u00fcr Inklusion und Behinderung benannt: Mathilde Venchiarutti mathilde.v[a]liora.io Du kannst sie jederzeit per E-Mail kontaktieren, wenn Du Fragen zu diesem Thema hast oder weitere Informationen ben\u00f6tigst. Liora setzt sich daf\u00fcr ein, Lernende mit Behinderung diskriminierungsfrei willkommen zu hei\u00dfen.Da Chancengleichheit weit \u00fcber den Aufnahmeprozess hinausgeht, bieten wir Bewerbern die [&hellip;]<\/p>\n","protected":false},"author":88,"featured_media":213803,"parent":0,"menu_order":0,"comment_status":"closed","ping_status":"closed","template":"page-without-title-with-blue-header","meta":{"_acf_changed":false,"editor_notices":[],"footnotes":""},"class_list":["post-211576","page","type-page","status-publish","has-post-thumbnail","hentry"],"acf":[],"_links":{"self":[{"href":"https:\/\/liora.io\/de\/wp-json\/wp\/v2\/pages\/211576","targetHints":{"allow":["GET"]}}],"collection":[{"href":"https:\/\/liora.io\/de\/wp-json\/wp\/v2\/pages"}],"about":[{"href":"https:\/\/liora.io\/de\/wp-json\/wp\/v2\/types\/page"}],"author":[{"embeddable":true,"href":"https:\/\/liora.io\/de\/wp-json\/wp\/v2\/users\/88"}],"replies":[{"embeddable":true,"href":"https:\/\/liora.io\/de\/wp-json\/wp\/v2\/comments?post=211576"}],"version-history":[{"count":4,"href":"https:\/\/liora.io\/de\/wp-json\/wp\/v2\/pages\/211576\/revisions"}],"predecessor-version":[{"id":212974,"href":"https:\/\/liora.io\/de\/wp-json\/wp\/v2\/pages\/211576\/revisions\/212974"}],"wp:featuredmedia":[{"embeddable":true,"href":"https:\/\/liora.io\/de\/wp-json\/wp\/v2\/media\/213803"}],"wp:attachment":[{"href":"https:\/\/liora.io\/de\/wp-json\/wp\/v2\/media?parent=211576"}],"curies":[{"name":"wp","href":"https:\/\/api.w.org\/{rel}","templated":true}]}}